{"id":3206,"date":"2021-05-31T22:57:04","date_gmt":"2021-06-01T01:57:04","guid":{"rendered":"https:\/\/www.gilbertogarcia.com.br\/site\/?page_id=3206"},"modified":"2023-02-07T11:10:58","modified_gmt":"2023-02-07T14:10:58","slug":"psicologo-gilberto-garcia","status":"publish","type":"page","link":"https:\/\/www.gilbertogarcia.com.br\/en\/psicologo-gilberto-garcia\/","title":{"rendered":"About"},"content":{"rendered":"\t\t<div data-elementor-type=\"wp-page\" data-elementor-id=\"3206\" class=\"elementor elementor-3206\" data-elementor-post-type=\"page\">\n\t\t\t\t\t\t<section class=\"elementor-section elementor-top-section elementor-element elementor-element-4ade6df elementor-section-boxed elementor-section-height-default elementor-section-height-default\" data-id=\"4ade6df\" data-element_type=\"section\" data-e-type=\"section\" data-settings=\"{&quot;background_background&quot;:&quot;classic&quot;,&quot;jet_parallax_layout_list&quot;:[]}\">\n\t\t\t\t\t\t<div class=\"elementor-container elementor-column-gap-no\">\n\t\t\t\t\t<div class=\"elementor-column elementor-col-100 elementor-top-column elementor-element elementor-element-c5fd240\" data-id=\"c5fd240\" data-element_type=\"column\" data-e-type=\"column\">\n\t\t\t<div class=\"elementor-widget-wrap elementor-element-populated\">\n\t\t\t\t\t\t<div class=\"elementor-element elementor-element-ae9ae29 elementor-invisible elementor-widget elementor-widget-heading\" data-id=\"ae9ae29\" data-element_type=\"widget\" data-e-type=\"widget\" data-settings=\"{&quot;_animation&quot;:&quot;fadeInUp&quot;}\" data-widget_type=\"heading.default\">\n\t\t\t\t<div class=\"elementor-widget-container\">\n\t\t\t\t\t<h1 class=\"elementor-heading-title elementor-size-default\">Psic\u00f3logo Gilberto Garcia<\/h1>\t\t\t\t<\/div>\n\t\t\t\t<\/div>\n\t\t\t\t<div class=\"elementor-element elementor-element-d65e2d8 elementor-invisible elementor-widget elementor-widget-text-editor\" data-id=\"d65e2d8\" data-element_type=\"widget\" data-e-type=\"widget\" data-settings=\"{&quot;_animation&quot;:&quot;fadeIn&quot;,&quot;_animation_delay&quot;:500}\" data-widget_type=\"text-editor.default\">\n\t\t\t\t<div class=\"elementor-widget-container\">\n\t\t\t\t\t\t\t\t\tCRP 06\/100048\t\t\t\t\t\t\t\t<\/div>\n\t\t\t\t<\/div>\n\t\t\t\t\t<\/div>\n\t\t<\/div>\n\t\t\t\t\t<\/div>\n\t\t<\/section>\n\t\t\t\t<section class=\"elementor-section elementor-top-section elementor-element elementor-element-3bc9320 elementor-section-boxed elementor-section-height-default elementor-section-height-default\" data-id=\"3bc9320\" data-element_type=\"section\" data-e-type=\"section\" data-settings=\"{&quot;jet_parallax_layout_list&quot;:[]}\">\n\t\t\t\t\t\t<div class=\"elementor-container elementor-column-gap-default\">\n\t\t\t\t\t<div class=\"elementor-column elementor-col-50 elementor-top-column elementor-element elementor-element-9404745\" data-id=\"9404745\" data-element_type=\"column\" data-e-type=\"column\">\n\t\t\t<div class=\"elementor-widget-wrap elementor-element-populated\">\n\t\t\t\t\t\t<div class=\"elementor-element elementor-element-213ed43 elementor-widget elementor-widget-text-editor\" data-id=\"213ed43\" data-element_type=\"widget\" data-e-type=\"widget\" data-widget_type=\"text-editor.default\">\n\t\t\t\t<div class=\"elementor-widget-container\">\n\t\t\t\t\t\t\t\t\t<p>Ol\u00e1!<\/p><p>Me chamo Gilberto e sou psic\u00f3logo cl\u00ednico. Ser psic\u00f3logo foi o que eu sempre quis.\u00a0 Claro que as circunst\u00e2ncias da vida nos levam a modificar, antecipar ou adiar nossos projetos.<\/p><p>Comigo n\u00e3o foi diferente, mas mesmo tendo tido que adiar por um longo tempo esse meu Projeto \u2014 sim! Projeto com \u201cP\u201d mai\u00fasculo mesmo, dada a sua import\u00e2ncia, a responsabilidade que ele exige e ao quanto eu ansiava por isso \u2014, mas isso nunca me impediu de estudar o tema e p\u00f4r em pr\u00e1tica \u2014 com responsabilidade e embasamento \u2014 o que aprendera.<\/p><p>Vejo esse per\u00edodo como uma prepara\u00e7\u00e3o. Algo que cumpria o papel de me aproximar cada vez mais da hora de coloc\u00e1-lo [o Projeto] em pr\u00e1tica.<\/p><p>Assim, durante mais de vinte anos antes da entender que era chegada a hora de transformar meu Sonho \u2014 pelas mesmas raz\u00f5es, tamb\u00e9m com \u201cS\u201d mai\u00fasculo \u2014 em realidade, me dediquei ao trabalho volunt\u00e1rio da Escuta Atenciosa \u2014 e, sempre que poss\u00edvel, da orienta\u00e7\u00e3o \u2014 daqueles com os quais me relacionava ou que encontrava pelos caminhos da vida.<\/p><p>Foi um per\u00edodo muito rico, de muito aprendizado e de troca de experi\u00eancias e conhecimentos que me permitiram reunir um repert\u00f3rio de recursos, t\u00e9cnicas e estrat\u00e9gias que, associados aos fundamentos da Psicologia de maneira geral e, mais especificamente, da Psicologia Anal\u00edtica Junguiana \u2014 abordagem com que me identifico e reconhe\u00e7o como essencial para a pr\u00e1tica cl\u00ednica \u2014 e do constante processo de atualiza\u00e7\u00e3o, me capacitaram a colocar \u00e0 disposi\u00e7\u00e3o dos meus clientes um olhar diferenciado e uma escuta atenciosa, para que tenham oportunidade de desenvolver suas potencialidades, superar as dificuldades e sofrimento emocionais, e terem mais qualidade de vida<\/p>\t\t\t\t\t\t\t\t<\/div>\n\t\t\t\t<\/div>\n\t\t\t\t\t<\/div>\n\t\t<\/div>\n\t\t\t\t<div class=\"elementor-column elementor-col-50 elementor-top-column elementor-element elementor-element-c8dd47e\" data-id=\"c8dd47e\" data-element_type=\"column\" data-e-type=\"column\">\n\t\t\t<div class=\"elementor-widget-wrap elementor-element-populated\">\n\t\t\t\t\t\t<div class=\"elementor-element elementor-element-93127cc elementor-widget elementor-widget-video\" data-id=\"93127cc\" data-element_type=\"widget\" data-e-type=\"widget\" data-settings=\"{&quot;youtube_url&quot;:&quot;https:\\\/\\\/www.youtube.com\\\/watch?v=V0WErw9rtr0&amp;feature=emb_imp_woyt&quot;,&quot;video_type&quot;:&quot;youtube&quot;,&quot;controls&quot;:&quot;yes&quot;}\" data-widget_type=\"video.default\">\n\t\t\t\t<div class=\"elementor-widget-container\">\n\t\t\t\t\t<style>.elementor-element-93127cc{display:none !important}<\/style>\t\t\t\t<\/div>\n\t\t\t\t<\/div>\n\t\t\t\t<div class=\"elementor-element elementor-element-18628bf elementor-widget elementor-widget-video\" data-id=\"18628bf\" data-element_type=\"widget\" data-e-type=\"widget\" data-settings=\"{&quot;youtube_url&quot;:&quot;https:\\\/\\\/youtu.be\\\/_kc4Tw_JlIA&quot;,&quot;video_type&quot;:&quot;youtube&quot;,&quot;controls&quot;:&quot;yes&quot;}\" data-widget_type=\"video.default\">\n\t\t\t\t<div class=\"elementor-widget-container\">\n\t\t\t\t\t\t\t<div class=\"elementor-wrapper elementor-open-inline\">\n\t\t\t<div class=\"elementor-video\"><\/div>\t\t<\/div>\n\t\t\t\t\t\t<\/div>\n\t\t\t\t<\/div>\n\t\t\t\t<div class=\"elementor-element elementor-element-a7a8e1b elementor-widget elementor-widget-text-editor\" data-id=\"a7a8e1b\" data-element_type=\"widget\" data-e-type=\"widget\" data-widget_type=\"text-editor.default\">\n\t\t\t\t<div class=\"elementor-widget-container\">\n\t\t\t\t\t\t\t\t\t<p>A gradua\u00e7\u00e3o em psicologia foi s\u00f3 o come\u00e7o. Em seguida vieram aprimoramentos e especializa\u00e7\u00f5es em \u00e1reas importantes. Dentre elas, destacaria:<\/p>\t\t\t\t\t\t\t\t<\/div>\n\t\t\t\t<\/div>\n\t\t\t\t<div class=\"elementor-element elementor-element-7a99256 elementor-widget elementor-widget-text-editor\" data-id=\"7a99256\" data-element_type=\"widget\" data-e-type=\"widget\" data-widget_type=\"text-editor.default\">\n\t\t\t\t<div class=\"elementor-widget-container\">\n\t\t\t\t\t\t\t\t\t<ul><li>Especializa\u00e7\u00e3o em Psicologia Anal\u00edtica Junguiana \u2014 Unicamp \u2013 Universidade de Campinas<\/li><li>Especializa\u00e7\u00e3o em Suicidologia: Preven\u00e7\u00e3o e Posven\u00e7\u00e3o, Processos Autodestrutivos e Luto \u2014 Faculdade Phorte de Educa\u00e7\u00e3o e Tecnologia<\/li><li>Extens\u00e3o em \u201cComportamento Suicida: Estrat\u00e9gias de interven\u00e7\u00e3o\u201d \u2014 Unicamp \u2014 Universidade de Campinas<\/li><li>Capacita\u00e7\u00e3o em Suicidologia: Preven\u00e7\u00e3o, Posven\u00e7\u00e3o e Pol\u00edticas P\u00fablicas \u2014 Instituto de Pesquisa, Preven\u00e7\u00e3o e Estudos em Suic\u00eddio (IPPES)<\/li><li>Capacita\u00e7\u00e3o em T\u00e9cnicas de Abordagem a Tentativa de Suic\u00eddio \u2014 Corpo de Bombeiros<\/li><li>Preven\u00e7\u00e3o do Suic\u00eddio \u2014 Minist\u00e9rio da Sa\u00fade<\/li><li>Preven\u00e7\u00e3o da Automutila\u00e7\u00e3o \u2014 Minist\u00e9rio da Sa\u00fade<\/li><li>Acolhimento aos Sobreviventes Enlutados por Suic\u00eddio \u2014 Instituto de Pesquisa, Preven\u00e7\u00e3o e Estudos em Suic\u00eddio<\/li><li>Luto: O Sentir das Perdas e Suas Complica\u00e7\u00f5es \u2014 Instituto de Pesquisa, Preven\u00e7\u00e3o e Estudos em Suic\u00eddio<\/li><li>Workshop Internacional de Automutila\u00e7\u00e3o sem Inten\u00e7\u00e3o Suic\u00edda \u2013 com a Dra. Jennifer Muehlemkamp \u2014 Instituito Vita Alere<\/li><li>Manejo da autoles\u00e3o sem inten\u00e7\u00e3o suicida (ASIS) \u2013 com a Dra. Jennifer Muehlemkamp \u2014 Instituito Vita Alere<\/li><li>Autoles\u00e3o sem Inten\u00e7\u00e3o Suicida: aspectos gerais, avalia\u00e7\u00e3o e manejo \u2013 com a Dra. Janis Whitlock \u2014 Instituito Vita Alere<\/li><li>Sistema para Detec\u00e7\u00e3o do Uso abusivo e Depend\u00eancia de Subst\u00e2ncias Psicoativas: Encaminhamento, Interven\u00e7\u00e3o breve, Reinser\u00e7\u00e3o Social e Acompanhamento \u2014 Universidade Federal de S\u00e3o Paulo (UNIFESP)<\/li><li>Psicooncologia: Atendimento a Pacientes com C\u00e2ncer e Terminais \u2014 Centro de Estudos e Pesquisa em Psicologia e Sa\u00fade S\u00e3o Paulo<\/li><\/ul>\t\t\t\t\t\t\t\t<\/div>\n\t\t\t\t<\/div>\n\t\t\t\t<div class=\"elementor-element elementor-element-583c292 elementor-widget elementor-widget-text-editor\" data-id=\"583c292\" data-element_type=\"widget\" data-e-type=\"widget\" data-widget_type=\"text-editor.default\">\n\t\t\t\t<div class=\"elementor-widget-container\">\n\t\t\t\t\t\t\t\t\t<div class=\"wpb_column vc_column_container vc_col-sm-4\"><div class=\"vc_column-inner \"><div class=\"wpb_wrapper\"><div class=\"wpb_text_column wpb_content_element \"><div class=\"wpb_wrapper\"><p>Hoje, al\u00e9m do atendimento cl\u00ednico, realizo trabalho volunt\u00e1rio em algumas institui\u00e7\u00f5es, entre elas, o Instituto de Pesquisa, Preven\u00e7\u00e3o e Estudos em Suic\u00eddio (<a href=\"https:\/\/ippesbrasil.com.br\/\" target=\"_blank\" rel=\"noopener\">IPPES<\/a>), participando do \u201cGrupo Viver de Acolhimentos a Sobreviventes e Enlutados por Suic\u00eddio\u201d e do \u201cProjeto Escola 2021 \u2014 Servi\u00e7o de Acolhimento Psicossocial e Psicoterap\u00eautico em Situa\u00e7\u00f5es de Viol\u00eancias Autoprovocadas\u201d<br \/><br \/>Apesar de j\u00e1 ter experi\u00eancia tamb\u00e9m em outros segmentos, decidi \u2014 at\u00e9 para poder oferecer um servi\u00e7o de melhor qualidade \u2014 me dedicar ao atendimento de adolescentes, jovens e adultos.<br \/>Assim, me coloco \u00e0 sua disposi\u00e7\u00e3o.<\/p><p>Um forte abra\u00e7o.<\/p><p><strong><em>Gilberto<\/em><\/strong><\/p><\/div><\/div><\/div><\/div><\/div>\t\t\t\t\t\t\t\t<\/div>\n\t\t\t\t<\/div>\n\t\t\t\t\t<\/div>\n\t\t<\/div>\n\t\t\t\t\t<\/div>\n\t\t<\/section>\n\t\t\t\t<section class=\"elementor-section elementor-top-section elementor-element elementor-element-823117f elementor-section-boxed elementor-section-height-default elementor-section-height-default\" data-id=\"823117f\" data-element_type=\"section\" data-e-type=\"section\" data-settings=\"{&quot;jet_parallax_layout_list&quot;:[]}\">\n\t\t\t\t\t\t<div class=\"elementor-container elementor-column-gap-default\">\n\t\t\t\t\t<div class=\"elementor-column elementor-col-100 elementor-top-column elementor-element elementor-element-f926211\" data-id=\"f926211\" data-element_type=\"column\" data-e-type=\"column\" data-settings=\"{&quot;background_background&quot;:&quot;classic&quot;}\">\n\t\t\t<div class=\"elementor-widget-wrap elementor-element-populated\">\n\t\t\t\t\t\t<div class=\"elementor-element elementor-element-3857a16 elementor-widget elementor-widget-heading\" data-id=\"3857a16\" data-element_type=\"widget\" data-e-type=\"widget\" data-widget_type=\"heading.default\">\n\t\t\t\t<div class=\"elementor-widget-container\">\n\t\t\t\t\t<h3 class=\"elementor-heading-title elementor-size-default\">Auto Avalia\u00e7\u00e3o de Depress\u00e3o<\/h3>\t\t\t\t<\/div>\n\t\t\t\t<\/div>\n\t\t\t\t<div class=\"elementor-element elementor-element-c6efd89 elementor-widget elementor-widget-text-editor\" data-id=\"c6efd89\" data-element_type=\"widget\" data-e-type=\"widget\" data-widget_type=\"text-editor.default\">\n\t\t\t\t<div class=\"elementor-widget-container\">\n\t\t\t\t\t\t\t\t\t<p>Responda cuidadosamente conforme se sentiu durante as \u00faltimas duas semanas.<\/p>\t\t\t\t\t\t\t\t<\/div>\n\t\t\t\t<\/div>\n\t\t\t\t<div class=\"elementor-element elementor-element-6abec06 elementor-widget elementor-widget-button\" data-id=\"6abec06\" data-element_type=\"widget\" data-e-type=\"widget\" data-widget_type=\"button.default\">\n\t\t\t\t<div class=\"elementor-widget-container\">\n\t\t\t\t\t\t\t\t\t<div class=\"elementor-button-wrapper\">\n\t\t\t\t\t<a class=\"elementor-button elementor-button-link elementor-size-sm\" href=\"https:\/\/www.gilbertogarcia.com.br\/auto-avaliacao\/\">\n\t\t\t\t\t\t<span class=\"elementor-button-content-wrapper\">\n\t\t\t\t\t\t\t\t\t<span class=\"elementor-button-text\">Fa\u00e7a o teste aqui<\/span>\n\t\t\t\t\t<\/span>\n\t\t\t\t\t<\/a>\n\t\t\t\t<\/div>\n\t\t\t\t\t\t\t\t<\/div>\n\t\t\t\t<\/div>\n\t\t\t\t\t<\/div>\n\t\t<\/div>\n\t\t\t\t\t<\/div>\n\t\t<\/section>\n\t\t\t\t<\/div>\n\t\t","protected":false},"excerpt":{"rendered":"<p>Psic\u00f3logo Gilberto Garcia CRP 06\/100048 Ol\u00e1! Me chamo Gilberto e sou psic\u00f3logo cl\u00ednico. Ser psic\u00f3logo foi o que eu sempre quis.\u00a0 Claro que as circunst\u00e2ncias da vida nos levam a modificar, antecipar ou adiar nossos projetos. Comigo n\u00e3o foi diferente, mas mesmo tendo tido que adiar por um longo tempo esse meu Projeto \u2014 sim! [&hellip;]<\/p>\n","protected":false},"author":1,"featured_media":0,"parent":0,"menu_order":0,"comment_status":"closed","ping_status":"closed","template":"","meta":{"site-sidebar-layout":"no-sidebar","site-content-layout":"page-builder","ast-site-content-layout":"default","site-content-style":"default","site-sidebar-style":"default","ast-global-header-display":"","ast-banner-title-visibility":"","ast-main-header-display":"","ast-hfb-above-header-display":"","ast-hfb-below-header-display":"","ast-hfb-mobile-header-display":"","site-post-title":"disabled","ast-breadcrumbs-content":"","ast-featured-img":"disabled","footer-sml-layout":"","ast-disable-related-posts":"","theme-transparent-header-meta":"enabled","adv-header-id-meta":"","stick-header-meta":"","header-above-stick-meta":"","header-main-stick-meta":"","header-below-stick-meta":"","astra-migrate-meta-layouts":"default","ast-page-background-enabled":"default","ast-page-background-meta":{"desktop":{"background-color":"","background-image":"","background-repeat":"repeat","background-position":"center center","background-size":"auto","background-attachment":"scroll","background-type":"","background-media":"","overlay-type":"","overlay-color":"","overlay-opacity":"","overlay-gradient":""},"tablet":{"background-color":"","background-image":"","background-repeat":"repeat","background-position":"center center","background-size":"auto","background-attachment":"scroll","background-type":"","background-media":"","overlay-type":"","overlay-color":"","overlay-opacity":"","overlay-gradient":""},"mobile":{"background-color":"","background-image":"","background-repeat":"repeat","background-position":"center center","background-size":"auto","background-attachment":"scroll","background-type":"","background-media":"","overlay-type":"","overlay-color":"","overlay-opacity":"","overlay-gradient":""}},"ast-content-background-meta":{"desktop":{"background-color":"var(--ast-global-color-5)","background-image":"","background-repeat":"repeat","background-position":"center center","background-size":"auto","background-attachment":"scroll","background-type":"","background-media":"","overlay-type":"","overlay-color":"","overlay-opacity":"","overlay-gradient":""},"tablet":{"background-color":"var(--ast-global-color-5)","background-image":"","background-repeat":"repeat","background-position":"center center","background-size":"auto","background-attachment":"scroll","background-type":"","background-media":"","overlay-type":"","overlay-color":"","overlay-opacity":"","overlay-gradient":""},"mobile":{"background-color":"var(--ast-global-color-5)","background-image":"","background-repeat":"repeat","background-position":"center center","background-size":"auto","background-attachment":"scroll","background-type":"","background-media":"","overlay-type":"","overlay-color":"","overlay-opacity":"","overlay-gradient":""}},"footnotes":""},"class_list":["post-3206","page","type-page","status-publish","hentry"],"yoast_head":"<!-- This site is optimized with the Yoast SEO plugin v27.5 - https:\/\/yoast.com\/product\/yoast-seo-wordpress\/ -->\n<title>Perfil - Gilberto Garcia<\/title>\n<meta name=\"robots\" content=\"index, follow, max-snippet:-1, max-image-preview:large, max-video-preview:-1\" \/>\n<link rel=\"canonical\" href=\"https:\/\/www.gilbertogarcia.com.br\/en\/psicologo-gilberto-garcia\/\" \/>\n<meta property=\"og:locale\" content=\"en_US\" \/>\n<meta property=\"og:type\" content=\"article\" \/>\n<meta property=\"og:title\" content=\"Perfil - Gilberto Garcia\" \/>\n<meta property=\"og:description\" content=\"Psic\u00f3logo Gilberto Garcia CRP 06\/100048 Ol\u00e1! Me chamo Gilberto e sou psic\u00f3logo cl\u00ednico. Ser psic\u00f3logo foi o que eu sempre quis.\u00a0 Claro que as circunst\u00e2ncias da vida nos levam a modificar, antecipar ou adiar nossos projetos. Comigo n\u00e3o foi diferente, mas mesmo tendo tido que adiar por um longo tempo esse meu Projeto \u2014 sim! [&hellip;]\" \/>\n<meta property=\"og:url\" content=\"https:\/\/www.gilbertogarcia.com.br\/en\/psicologo-gilberto-garcia\/\" \/>\n<meta property=\"og:site_name\" content=\"Gilberto Garcia\" \/>\n<meta property=\"article:publisher\" content=\"https:\/\/pt-br.facebook.com\/gilberto.garcia.psicologo\/\" \/>\n<meta property=\"article:modified_time\" content=\"2023-02-07T14:10:58+00:00\" \/>\n<meta property=\"og:image\" content=\"https:\/\/www.gilbertogarcia.com.br\/site\/wp-content\/uploads\/2021\/12\/home-dez2021-2.webp\" \/>\n\t<meta property=\"og:image:width\" content=\"1920\" \/>\n\t<meta property=\"og:image:height\" content=\"732\" \/>\n\t<meta property=\"og:image:type\" content=\"image\/webp\" \/>\n<meta name=\"twitter:card\" content=\"summary_large_image\" \/>\n<meta name=\"twitter:site\" content=\"@GilbertoPsic\" \/>\n<meta name=\"twitter:label1\" content=\"Est. reading time\" \/>\n\t<meta name=\"twitter:data1\" content=\"4 minutes\" \/>\n<script type=\"application\/ld+json\" class=\"yoast-schema-graph\">{\"@context\":\"https:\\\/\\\/schema.org\",\"@graph\":[{\"@type\":\"WebPage\",\"@id\":\"https:\\\/\\\/www.gilbertogarcia.com.br\\\/psicologo-gilberto-garcia\\\/\",\"url\":\"https:\\\/\\\/www.gilbertogarcia.com.br\\\/psicologo-gilberto-garcia\\\/\",\"name\":\"Perfil - Gilberto Garcia\",\"isPartOf\":{\"@id\":\"https:\\\/\\\/www.gilbertogarcia.com.br\\\/#website\"},\"datePublished\":\"2021-06-01T01:57:04+00:00\",\"dateModified\":\"2023-02-07T14:10:58+00:00\",\"breadcrumb\":{\"@id\":\"https:\\\/\\\/www.gilbertogarcia.com.br\\\/psicologo-gilberto-garcia\\\/#breadcrumb\"},\"inLanguage\":\"en-US\",\"potentialAction\":[{\"@type\":\"ReadAction\",\"target\":[\"https:\\\/\\\/www.gilbertogarcia.com.br\\\/psicologo-gilberto-garcia\\\/\"]}]},{\"@type\":\"BreadcrumbList\",\"@id\":\"https:\\\/\\\/www.gilbertogarcia.com.br\\\/psicologo-gilberto-garcia\\\/#breadcrumb\",\"itemListElement\":[{\"@type\":\"ListItem\",\"position\":1,\"name\":\"In\u00edcio\",\"item\":\"https:\\\/\\\/www.gilbertogarcia.com.br\\\/\"},{\"@type\":\"ListItem\",\"position\":2,\"name\":\"Perfil\"}]},{\"@type\":\"WebSite\",\"@id\":\"https:\\\/\\\/www.gilbertogarcia.com.br\\\/#website\",\"url\":\"https:\\\/\\\/www.gilbertogarcia.com.br\\\/\",\"name\":\"Gilberto Garcia\",\"description\":\"Psic\u00f3logo\",\"publisher\":{\"@id\":\"https:\\\/\\\/www.gilbertogarcia.com.br\\\/#organization\"},\"potentialAction\":[{\"@type\":\"SearchAction\",\"target\":{\"@type\":\"EntryPoint\",\"urlTemplate\":\"https:\\\/\\\/www.gilbertogarcia.com.br\\\/?s={search_term_string}\"},\"query-input\":{\"@type\":\"PropertyValueSpecification\",\"valueRequired\":true,\"valueName\":\"search_term_string\"}}],\"inLanguage\":\"en-US\"},{\"@type\":\"Organization\",\"@id\":\"https:\\\/\\\/www.gilbertogarcia.com.br\\\/#organization\",\"name\":\"Psic\u00f3logo Gilberto Garcia\",\"url\":\"https:\\\/\\\/www.gilbertogarcia.com.br\\\/\",\"logo\":{\"@type\":\"ImageObject\",\"inLanguage\":\"en-US\",\"@id\":\"https:\\\/\\\/www.gilbertogarcia.com.br\\\/#\\\/schema\\\/logo\\\/image\\\/\",\"url\":\"https:\\\/\\\/www.gilbertogarcia.com.br\\\/web\\\/wp-content\\\/uploads\\\/2019\\\/09\\\/logo-site-black.png\",\"contentUrl\":\"https:\\\/\\\/www.gilbertogarcia.com.br\\\/web\\\/wp-content\\\/uploads\\\/2019\\\/09\\\/logo-site-black.png\",\"width\":190,\"height\":145,\"caption\":\"Psic\u00f3logo Gilberto Garcia\"},\"image\":{\"@id\":\"https:\\\/\\\/www.gilbertogarcia.com.br\\\/#\\\/schema\\\/logo\\\/image\\\/\"},\"sameAs\":[\"https:\\\/\\\/pt-br.facebook.com\\\/gilberto.garcia.psicologo\\\/\",\"https:\\\/\\\/x.com\\\/GilbertoPsic\",\"https:\\\/\\\/www.instagram.com\\\/gilbertogarcia_psicologo\\\/\",\"http:\\\/\\\/linkedin.com\\\/company\\\/gilberto-garcia-psiclogo\"]}]}<\/script>\n<!-- \/ Yoast SEO plugin. -->","yoast_head_json":{"title":"Perfil - Gilberto Garcia","robots":{"index":"index","follow":"follow","max-snippet":"max-snippet:-1","max-image-preview":"max-image-preview:large","max-video-preview":"max-video-preview:-1"},"canonical":"https:\/\/www.gilbertogarcia.com.br\/en\/psicologo-gilberto-garcia\/","og_locale":"en_US","og_type":"article","og_title":"Perfil - Gilberto Garcia","og_description":"Psic\u00f3logo Gilberto Garcia CRP 06\/100048 Ol\u00e1! Me chamo Gilberto e sou psic\u00f3logo cl\u00ednico. Ser psic\u00f3logo foi o que eu sempre quis.\u00a0 Claro que as circunst\u00e2ncias da vida nos levam a modificar, antecipar ou adiar nossos projetos. Comigo n\u00e3o foi diferente, mas mesmo tendo tido que adiar por um longo tempo esse meu Projeto \u2014 sim! [&hellip;]","og_url":"https:\/\/www.gilbertogarcia.com.br\/en\/psicologo-gilberto-garcia\/","og_site_name":"Gilberto Garcia","article_publisher":"https:\/\/pt-br.facebook.com\/gilberto.garcia.psicologo\/","article_modified_time":"2023-02-07T14:10:58+00:00","og_image":[{"width":1920,"height":732,"url":"https:\/\/www.gilbertogarcia.com.br\/site\/wp-content\/uploads\/2021\/12\/home-dez2021-2.webp","type":"image\/webp"}],"twitter_card":"summary_large_image","twitter_site":"@GilbertoPsic","twitter_misc":{"Est. reading time":"4 minutes"},"schema":{"@context":"https:\/\/schema.org","@graph":[{"@type":"WebPage","@id":"https:\/\/www.gilbertogarcia.com.br\/psicologo-gilberto-garcia\/","url":"https:\/\/www.gilbertogarcia.com.br\/psicologo-gilberto-garcia\/","name":"Perfil - Gilberto Garcia","isPartOf":{"@id":"https:\/\/www.gilbertogarcia.com.br\/#website"},"datePublished":"2021-06-01T01:57:04+00:00","dateModified":"2023-02-07T14:10:58+00:00","breadcrumb":{"@id":"https:\/\/www.gilbertogarcia.com.br\/psicologo-gilberto-garcia\/#breadcrumb"},"inLanguage":"en-US","potentialAction":[{"@type":"ReadAction","target":["https:\/\/www.gilbertogarcia.com.br\/psicologo-gilberto-garcia\/"]}]},{"@type":"BreadcrumbList","@id":"https:\/\/www.gilbertogarcia.com.br\/psicologo-gilberto-garcia\/#breadcrumb","itemListElement":[{"@type":"ListItem","position":1,"name":"In\u00edcio","item":"https:\/\/www.gilbertogarcia.com.br\/"},{"@type":"ListItem","position":2,"name":"Perfil"}]},{"@type":"WebSite","@id":"https:\/\/www.gilbertogarcia.com.br\/#website","url":"https:\/\/www.gilbertogarcia.com.br\/","name":"Gilberto Garcia","description":"Psychologist","publisher":{"@id":"https:\/\/www.gilbertogarcia.com.br\/#organization"},"potentialAction":[{"@type":"SearchAction","target":{"@type":"EntryPoint","urlTemplate":"https:\/\/www.gilbertogarcia.com.br\/?s={search_term_string}"},"query-input":{"@type":"PropertyValueSpecification","valueRequired":true,"valueName":"search_term_string"}}],"inLanguage":"en-US"},{"@type":"Organization","@id":"https:\/\/www.gilbertogarcia.com.br\/#organization","name":"Gilberto Garcia \u2013 Psychologist","url":"https:\/\/www.gilbertogarcia.com.br\/","logo":{"@type":"ImageObject","inLanguage":"en-US","@id":"https:\/\/www.gilbertogarcia.com.br\/#\/schema\/logo\/image\/","url":"https:\/\/www.gilbertogarcia.com.br\/web\/wp-content\/uploads\/2019\/09\/logo-site-black.png","contentUrl":"https:\/\/www.gilbertogarcia.com.br\/web\/wp-content\/uploads\/2019\/09\/logo-site-black.png","width":190,"height":145,"caption":"Psic\u00f3logo Gilberto Garcia"},"image":{"@id":"https:\/\/www.gilbertogarcia.com.br\/#\/schema\/logo\/image\/"},"sameAs":["https:\/\/pt-br.facebook.com\/gilberto.garcia.psicologo\/","https:\/\/x.com\/GilbertoPsic","https:\/\/www.instagram.com\/gilbertogarcia_psicologo\/","http:\/\/linkedin.com\/company\/gilberto-garcia-psiclogo"]}]}},"_links":{"self":[{"href":"https:\/\/www.gilbertogarcia.com.br\/en\/wp-json\/wp\/v2\/pages\/3206","targetHints":{"allow":["GET"]}}],"collection":[{"href":"https:\/\/www.gilbertogarcia.com.br\/en\/wp-json\/wp\/v2\/pages"}],"about":[{"href":"https:\/\/www.gilbertogarcia.com.br\/en\/wp-json\/wp\/v2\/types\/page"}],"author":[{"embeddable":true,"href":"https:\/\/www.gilbertogarcia.com.br\/en\/wp-json\/wp\/v2\/users\/1"}],"replies":[{"embeddable":true,"href":"https:\/\/www.gilbertogarcia.com.br\/en\/wp-json\/wp\/v2\/comments?post=3206"}],"version-history":[{"count":0,"href":"https:\/\/www.gilbertogarcia.com.br\/en\/wp-json\/wp\/v2\/pages\/3206\/revisions"}],"wp:attachment":[{"href":"https:\/\/www.gilbertogarcia.com.br\/en\/wp-json\/wp\/v2\/media?parent=3206"}],"curies":[{"name":"wp","href":"https:\/\/api.w.org\/{rel}","templated":true}]}}